{"id":25575,"date":"2024-05-24T13:30:50","date_gmt":"2024-05-24T16:30:50","guid":{"rendered":"https:\/\/arquivo.pedroleopoldo.mg.gov.br\/?page_id=25575"},"modified":"2025-07-14T13:03:15","modified_gmt":"2025-07-14T16:03:15","slug":"pnab-politica-nacional-aldir-blanc","status":"publish","type":"page","link":"https:\/\/arquivo.pedroleopoldo.mg.gov.br\/?page_id=25575","title":{"rendered":"PNAB &#8211; POL\u00cdTICA NACIONAL ALDIR BLANC"},"content":{"rendered":"\n<p>Fase de Habilita\u00e7\u00e3o EDITAL DE FOMENTO \u00c0 EXECU\u00c7\u00c3O A\u00c7\u00d5ES CULTURAIS CHAMAMENTO &#8211; N\u00b002\/2025\u00a0\u00a0<\/p>\n\n\n<a href=\"https:\/\/pedroleopoldo.mg.gov.br\/wp-content\/uploads\/2025\/07\/Fase-de-habilitacao-Cultura-Viva-Pagina1-1.pdf\" class=\"pdfemb-viewer\" style=\"\" data-width=\"max\" data-height=\"max\" data-toolbar=\"both\" data-toolbar-fixed=\"on\">Fase-de-habilitacao-Cultura-Viva-Pagina1-1<\/a>\n\n\n<p>CHAMADA DE SUPLENTES EDITAL 01\/2025- PREMIA\u00c7\u00c3O PARA AGENTES CULTURAIS<\/p>\n\n\n<a href=\"https:\/\/pedroleopoldo.mg.gov.br\/wp-content\/uploads\/2025\/06\/Chamada-de-Suplentes-2.pdf\" class=\"pdfemb-viewer\" style=\"\" data-width=\"max\" data-height=\"max\" data-toolbar=\"both\" data-toolbar-fixed=\"on\">Chamada-de-Suplentes-2<\/a>\n\n\n<p>Resultado Final Habilitados<\/p>\n\n\n<a href=\"https:\/\/pedroleopoldo.mg.gov.br\/wp-content\/uploads\/2025\/05\/RESULTADO-FINAL-HABILITADOS-1.pdf\" class=\"pdfemb-viewer\" style=\"\" data-width=\"max\" data-height=\"max\" data-toolbar=\"both\" data-toolbar-fixed=\"on\">RESULTADO-FINAL-HABILITADOS-1<\/a>\n\n\n<h4 class=\"wp-block-heading\">Resultado Preliminar Fase de Habilita\u00e7\u00e3o Edital 01 Premia\u00e7\u00e3o Agentes Culturais<\/h4>\n\n\n<a href=\"https:\/\/pedroleopoldo.mg.gov.br\/wp-content\/uploads\/2025\/05\/Resultado-Preliminar-Fase-de-Habilitacao-GC.pdf\" class=\"pdfemb-viewer\" style=\"\" data-width=\"max\" data-height=\"max\" data-toolbar=\"both\" data-toolbar-fixed=\"on\">Resultado-Preliminar-Fase-de-Habilitacao-GC<\/a>\n\n<a href=\"https:\/\/pedroleopoldo.mg.gov.br\/wp-content\/uploads\/2025\/05\/Resultado-Preliminar-Fase-de-Habilitacao-Ampla-Concorrencia.pdf\" class=\"pdfemb-viewer\" style=\"\" data-width=\"max\" data-height=\"max\" data-toolbar=\"both\" data-toolbar-fixed=\"on\">Resultado-Preliminar-Fase-de-Habilitacao-Ampla-Concorrencia<\/a>\n\n<!-- PDF Embedder: Please provide an \"URL\" attribute in your shortcode. -->\n\n<a href=\"https:\/\/pedroleopoldo.mg.gov.br\/wp-content\/uploads\/2025\/05\/Resultado-Preliminar-Fase-de-Habilitacao-Cotas-PCD.pdf\" class=\"pdfemb-viewer\" style=\"\" data-width=\"max\" data-height=\"max\" data-toolbar=\"both\" data-toolbar-fixed=\"on\">Resultado-Preliminar-Fase-de-Habilitacao-Cotas-PCD<\/a>\n\n<a href=\"https:\/\/pedroleopoldo.mg.gov.br\/wp-content\/uploads\/2025\/05\/Resultado-Preliminar-Fase-de-Habilitacao-Cotas-PN.pdf\" class=\"pdfemb-viewer\" style=\"\" data-width=\"max\" data-height=\"max\" data-toolbar=\"both\" data-toolbar-fixed=\"on\">Resultado-Preliminar-Fase-de-Habilitacao-Cotas-PN<\/a>\n\n\n<h4 class=\"wp-block-heading\">Resultado Preliminar Fase de habilita\u00e7\u00e3o Edital 01 Cultura Viva<\/h4>\n\n\n<a href=\"https:\/\/pedroleopoldo.mg.gov.br\/wp-content\/uploads\/2025\/05\/Resultado-Preliminar-Fase-de-Habilitacao.pdf\" class=\"pdfemb-viewer\" style=\"\" data-width=\"max\" data-height=\"max\" data-toolbar=\"both\" data-toolbar-fixed=\"on\">Resultado-Preliminar-Fase-de-Habilitacao<\/a>\n\n\n<h4 class=\"wp-block-heading\">Resultado Preliminar Fase de Habilita\u00e7\u00e3o Edital 02 Fomento<\/h4>\n\n\n<a href=\"https:\/\/pedroleopoldo.mg.gov.br\/wp-content\/uploads\/2025\/05\/Resultado-Preliminar-Fase-de-Habilitacao-Fomento.pdf\" class=\"pdfemb-viewer\" style=\"\" data-width=\"max\" data-height=\"max\" data-toolbar=\"both\" data-toolbar-fixed=\"on\">Resultado-Preliminar-Fase-de-Habilitacao-Fomento<\/a>\n\n\n<h4 class=\"wp-block-heading\">&nbsp;Errata Resultado Final Fase de Sele\u00e7\u00e3o Edital 02 &#8211; Fomento<\/h4>\n\n\n<a href=\"https:\/\/pedroleopoldo.mg.gov.br\/wp-content\/uploads\/2025\/05\/ERRATA-Resultado-Final-Fase-de-Selecao.pdf\" class=\"pdfemb-viewer\" style=\"\" data-width=\"max\" data-height=\"max\" data-toolbar=\"both\" data-toolbar-fixed=\"on\">ERRATA-Resultado-Final-Fase-de-Selecao<\/a>\n\n\n<h4 class=\"wp-block-heading\">Resultado de recursos fase sele\u00e7\u00e3o<\/h4>\n\n\n<a href=\"https:\/\/pedroleopoldo.mg.gov.br\/wp-content\/uploads\/2025\/05\/RESULTADO-DE-RECURSO-DA-FASE-DE-SELECAO-1.pdf\" class=\"pdfemb-viewer\" style=\"\" data-width=\"max\" data-height=\"max\" data-toolbar=\"both\" data-toolbar-fixed=\"on\">RESULTADO-DE-RECURSO-DA-FASE-DE-SELECAO-1<\/a>\n\n\n<h4 class=\"wp-block-heading\">Resultado Final da Fase de Sele\u00e7\u00e3o Edital 01 Premia\u00e7\u00e3o Grupos e Coletivos<\/h4>\n\n\n<a href=\"https:\/\/pedroleopoldo.mg.gov.br\/wp-content\/uploads\/2025\/05\/Resultado-Final-Edital-01-Premiacao-GC.pdf\" class=\"pdfemb-viewer\" style=\"\" data-width=\"max\" data-height=\"max\" data-toolbar=\"both\" data-toolbar-fixed=\"on\">Resultado-Final-Edital-01-Premiacao-GC<\/a>\n\n\n<h4 class=\"wp-block-heading\">Resultado Final da fase de sele\u00e7\u00e3o Edital 01 Premia\u00e7\u00e3o PF e Cotas<\/h4>\n\n\n<a href=\"https:\/\/pedroleopoldo.mg.gov.br\/wp-content\/uploads\/2025\/05\/Resultado-Fina-Edital-01-Premiacao-PF-Cotas-PCD.pdf\" class=\"pdfemb-viewer\" style=\"\" data-width=\"max\" data-height=\"max\" data-toolbar=\"both\" data-toolbar-fixed=\"on\">Resultado-Fina-Edital-01-Premiacao-PF-Cotas-PCD<\/a>\n\n<a href=\"https:\/\/pedroleopoldo.mg.gov.br\/wp-content\/uploads\/2025\/05\/Resultado-Final-Edital-01-Premiacao-PF-Cotas-Pessoas-Negras.pdf\" class=\"pdfemb-viewer\" style=\"\" data-width=\"max\" data-height=\"max\" data-toolbar=\"both\" data-toolbar-fixed=\"on\">Resultado-Final-Edital-01-Premiacao-PF-Cotas-Pessoas-Negras<\/a>\n\n<a href=\"https:\/\/pedroleopoldo.mg.gov.br\/wp-content\/uploads\/2025\/05\/Resultado-Final-Edital-01-Premiacao-PF-Ampla-Concorrencia.pdf\" class=\"pdfemb-viewer\" style=\"\" data-width=\"max\" data-height=\"max\" data-toolbar=\"both\" data-toolbar-fixed=\"on\">Resultado-Final-Edital-01-Premiacao-PF-Ampla-Concorrencia<\/a>\n\n\n<h4 class=\"wp-block-heading\">Resultado Final da fase de sele\u00e7\u00e3o Edital 01 Cultura Viva<\/h4>\n\n\n<a href=\"https:\/\/pedroleopoldo.mg.gov.br\/wp-content\/uploads\/2025\/05\/Resultado-Final-Edital-01-Cultura-Viva.pdf\" class=\"pdfemb-viewer\" style=\"\" data-width=\"max\" data-height=\"max\" data-toolbar=\"both\" data-toolbar-fixed=\"on\">Resultado-Final-Edital-01-Cultura-Viva<\/a>\n\n\n<h4 class=\"wp-block-heading\">Resultado Final Fase de Sele\u00e7\u00e3o Edital 02 &#8211; Fomento<\/h4>\n\n\n\n<p><\/p>\n\n\n<a href=\"https:\/\/pedroleopoldo.mg.gov.br\/wp-content\/uploads\/2025\/05\/Resultado-Edital-02-Fomento-01.pdf\" class=\"pdfemb-viewer\" style=\"\" data-width=\"max\" data-height=\"max\" data-toolbar=\"both\" data-toolbar-fixed=\"on\">Resultado-Edital-02-Fomento-01<\/a>\n\n\n<h4 class=\"wp-block-heading\">&nbsp;<\/h4>\n\n\n\n<h4 class=\"wp-block-heading\">Resultado preliminar da fase de sele\u00e7\u00e3o do Edital 02 Fomento<\/h4>\n\n\n\n<p><\/p>\n\n\n<a href=\"https:\/\/pedroleopoldo.mg.gov.br\/wp-content\/uploads\/2025\/05\/Resultado-Preliminar-Edital-02-Fomento-Completo.pdf\" class=\"pdfemb-viewer\" style=\"\" data-width=\"max\" data-height=\"max\" data-toolbar=\"both\" data-toolbar-fixed=\"on\">Resultado-Preliminar-Edital-02-Fomento-Completo<\/a>\n\n<a href=\"https:\/\/pedroleopoldo.mg.gov.br\/wp-content\/uploads\/2025\/05\/Resultado-Preliminar-Edital-02-Fomento-Classificados.pdf\" class=\"pdfemb-viewer\" style=\"\" data-width=\"max\" data-height=\"max\" data-toolbar=\"both\" data-toolbar-fixed=\"on\">Resultado-Preliminar-Edital-02-Fomento-Classificados<\/a>\n\n<a href=\"https:\/\/pedroleopoldo.mg.gov.br\/wp-content\/uploads\/2025\/05\/Resultado-Preliminar-Edital-02-Fomento-Desclassificados.pdf\" class=\"pdfemb-viewer\" style=\"\" data-width=\"max\" data-height=\"max\" data-toolbar=\"both\" data-toolbar-fixed=\"on\">Resultado-Preliminar-Edital-02-Fomento-Desclassificados<\/a>\n\n<a href=\"https:\/\/pedroleopoldo.mg.gov.br\/wp-content\/uploads\/2025\/05\/Resultado-Preliminar-Edital-02-Fomento-Cota-Pessoas-Negras.pdf\" class=\"pdfemb-viewer\" style=\"\" data-width=\"max\" data-height=\"max\" data-toolbar=\"both\" data-toolbar-fixed=\"on\">Resultado-Preliminar-Edital-02-Fomento-Cota-Pessoas-Negras<\/a>\n\n\n<h4 class=\"wp-block-heading\">Resultado Preliminar da fase de sele\u00e7\u00e3o do Edital 01 Cultura&nbsp;Viva&nbsp;<\/h4>\n\n\n<a href=\"https:\/\/pedroleopoldo.mg.gov.br\/wp-content\/uploads\/2025\/05\/Resultado-Preliminar-Edital-01-Cultura-Viva-Completo.pdf\" class=\"pdfemb-viewer\" style=\"\" data-width=\"max\" data-height=\"max\" data-toolbar=\"both\" data-toolbar-fixed=\"on\">Resultado-Preliminar-Edital-01-Cultura-Viva-Completo<\/a>\n\n<a href=\"https:\/\/pedroleopoldo.mg.gov.br\/wp-content\/uploads\/2025\/05\/Resultado-Preliminar-Edital-01-Cultura-Viva-Grupos-e-Coletivos-Desclassificados.pdf\" class=\"pdfemb-viewer\" style=\"\" data-width=\"max\" data-height=\"max\" data-toolbar=\"both\" data-toolbar-fixed=\"on\">Resultado-Preliminar-Edital-01-Cultura-Viva-Grupos-e-Coletivos-Desclassificados<\/a>\n\n<a href=\"https:\/\/pedroleopoldo.mg.gov.br\/wp-content\/uploads\/2025\/05\/Resultado-Preliminar-Edital-01-Cultura-Viva-Grupos-e-Coletivos-Classificados.pdf\" class=\"pdfemb-viewer\" style=\"\" data-width=\"max\" data-height=\"max\" data-toolbar=\"both\" data-toolbar-fixed=\"on\">Resultado-Preliminar-Edital-01-Cultura-Viva-Grupos-e-Coletivos-Classificados<\/a>\n\n<a href=\"https:\/\/pedroleopoldo.mg.gov.br\/wp-content\/uploads\/2025\/05\/Resultado-Preliminar-Edital-01-Cultura-Viva-Grupos-e-Coletivos-Cotas-Pessoas-Negras.pdf\" class=\"pdfemb-viewer\" style=\"\" data-width=\"max\" data-height=\"max\" data-toolbar=\"both\" data-toolbar-fixed=\"on\">Resultado-Preliminar-Edital-01-Cultura-Viva-Grupos-e-Coletivos-Cotas-Pessoas-Negras<\/a>\n\n<a href=\"https:\/\/pedroleopoldo.mg.gov.br\/wp-content\/uploads\/2025\/05\/Resultado-Preliminar-Edital-01-Cultura-Viva-Entidades-Classificadas.pdf\" class=\"pdfemb-viewer\" style=\"\" data-width=\"max\" data-height=\"max\" data-toolbar=\"both\" data-toolbar-fixed=\"on\">Resultado-Preliminar-Edital-01-Cultura-Viva-Entidades-Classificadas<\/a>\n\n\n<h4 class=\"wp-block-heading\">Resultado preliminar da fase de sele\u00e7\u00e3o do Edital 01 de Premia\u00e7\u00e3o<\/h4>\n\n\n<a href=\"https:\/\/pedroleopoldo.mg.gov.br\/wp-content\/uploads\/2025\/05\/Resultado-Preliminar-Edital-01-Premiacao-Complento.pdf\" class=\"pdfemb-viewer\" style=\"\" data-width=\"max\" data-height=\"max\" data-toolbar=\"both\" data-toolbar-fixed=\"on\">Resultado-Preliminar-Edital-01-Premiacao-Complento<\/a>\n\n<a href=\"https:\/\/pedroleopoldo.mg.gov.br\/wp-content\/uploads\/2025\/05\/Resultado-Prliminar-Edital-01-Premiacao-Grupos-Coletivos-Entidades-Desclassificados.pdf\" class=\"pdfemb-viewer\" style=\"\" data-width=\"max\" data-height=\"max\" data-toolbar=\"both\" data-toolbar-fixed=\"on\">Resultado-Prliminar-Edital-01-Premiacao-Grupos-Coletivos-Entidades-Desclassificados<\/a>\n\n<a href=\"https:\/\/pedroleopoldo.mg.gov.br\/wp-content\/uploads\/2025\/05\/Resultado-Prelimininar-Edital-01-Premiacao-Pessoa-Fisica-Classificados.pdf\" class=\"pdfemb-viewer\" style=\"\" data-width=\"max\" data-height=\"max\" data-toolbar=\"both\" data-toolbar-fixed=\"on\">Resultado-Prelimininar-Edital-01-Premiacao-Pessoa-Fisica-Classificados<\/a>\n\n<a href=\"https:\/\/pedroleopoldo.mg.gov.br\/wp-content\/uploads\/2025\/05\/Resultado-Preliminar-Edital-01-Premiacao-Pessoa-Fisica-Cotas-PCD.pdf\" class=\"pdfemb-viewer\" style=\"\" data-width=\"max\" data-height=\"max\" data-toolbar=\"both\" data-toolbar-fixed=\"on\">Resultado-Preliminar-Edital-01-Premiacao-Pessoa-Fisica-Cotas-PCD<\/a>\n\n<a href=\"https:\/\/pedroleopoldo.mg.gov.br\/wp-content\/uploads\/2025\/05\/Resultado-Prliminar-Edital-01-Premiacao-Grupos-Coletivos-Entidades-Desclassificados-1.pdf\" class=\"pdfemb-viewer\" style=\"\" data-width=\"max\" data-height=\"max\" data-toolbar=\"both\" data-toolbar-fixed=\"on\">Resultado-Prliminar-Edital-01-Premiacao-Grupos-Coletivos-Entidades-Desclassificados-1<\/a>\n\n<a href=\"https:\/\/pedroleopoldo.mg.gov.br\/wp-content\/uploads\/2025\/05\/Resultado-Prelimininar-Edital-01-Premiacao-Pessoa-Fisica-Classificados-1.pdf\" class=\"pdfemb-viewer\" style=\"\" data-width=\"max\" data-height=\"max\" data-toolbar=\"both\" data-toolbar-fixed=\"on\">Resultado-Prelimininar-Edital-01-Premiacao-Pessoa-Fisica-Classificados-1<\/a>\n\n<a href=\"https:\/\/pedroleopoldo.mg.gov.br\/wp-content\/uploads\/2025\/05\/Resultado-Preliminar-Edital-01-Premiacao-Pessoa-Fisica-Desclassificados.pdf\" class=\"pdfemb-viewer\" style=\"\" data-width=\"max\" data-height=\"max\" data-toolbar=\"both\" data-toolbar-fixed=\"on\">Resultado-Preliminar-Edital-01-Premiacao-Pessoa-Fisica-Desclassificados<\/a>\n\n<a href=\"https:\/\/pedroleopoldo.mg.gov.br\/wp-content\/uploads\/2025\/05\/Resultado-Preliminar-Edital-01-Premiacao-Pessoa-Fisica-Cotas-PCD-1.pdf\" class=\"pdfemb-viewer\" style=\"\" data-width=\"max\" data-height=\"max\" data-toolbar=\"both\" data-toolbar-fixed=\"on\">Resultado-Preliminar-Edital-01-Premiacao-Pessoa-Fisica-Cotas-PCD-1<\/a>\n\n\n<h4 class=\"wp-block-heading\">Edital Premia\u00e7\u00e3o 01\/2025 Multi\u00e1reas PNAB <\/h4>\n\n\n\n<h4 class=\"wp-block-heading\">Edital Premia\u00e7\u00e3o<\/h4>\n\n\n<a href=\"https:\/\/pedroleopoldo.mg.gov.br\/wp-content\/uploads\/2025\/05\/edital-premia-o-agentes-culturais.pdf\" class=\"pdfemb-viewer\" style=\"\" data-width=\"max\" data-height=\"max\" data-toolbar=\"both\" data-toolbar-fixed=\"on\">edital-premia-o-agentes-culturais<\/a>\n\n\n<h4 class=\"wp-block-heading\">Edital Fomento 02\/2025 Multi\u00e1reas<\/h4>\n\n\n<a href=\"https:\/\/pedroleopoldo.mg.gov.br\/wp-content\/uploads\/2025\/05\/edital-fomento-02.pdf\" class=\"pdfemb-viewer\" style=\"\" data-width=\"max\" data-height=\"max\" data-toolbar=\"both\" data-toolbar-fixed=\"on\">edital-fomento-02<\/a>\n\n\n<h4 class=\"wp-block-heading\">Edital Premia\u00e7\u00e3o Cultura Viva<\/h4>\n\n\n<a href=\"https:\/\/pedroleopoldo.mg.gov.br\/wp-content\/uploads\/2025\/05\/edital-cultura-viva.pdf\" class=\"pdfemb-viewer\" style=\"\" data-width=\"max\" data-height=\"max\" data-toolbar=\"both\" data-toolbar-fixed=\"on\">edital-cultura-viva<\/a>\n\n\n<p><\/p>\n","protected":false},"excerpt":{"rendered":"<p>Fase de Habilita\u00e7\u00e3o EDITAL DE FOMENTO \u00c0 EXECU\u00c7\u00c3O A\u00c7\u00d5ES CULTURAIS CHAMAMENTO &#8211; N\u00b002\/2025\u00a0\u00a0 CHAMADA DE SUPLENTES EDITAL 01\/2025- PREMIA\u00c7\u00c3O PARA AGENTES CULTURAIS Resultado Final Habilitados Resultado Preliminar Fase de Habilita\u00e7\u00e3o Edital 01 Premia\u00e7\u00e3o Agentes Culturais Resultado Preliminar Fase de habilita\u00e7\u00e3o Edital 01 Cultura Viva Resultado Preliminar Fase de Habilita\u00e7\u00e3o Edital 02 Fomento &nbsp;Errata Resultado Final &hellip; <a href=\"https:\/\/arquivo.pedroleopoldo.mg.gov.br\/?page_id=25575\" class=\"more-link\">Continuar lendo <span class=\"screen-reader-text\">PNAB &#8211; POL\u00cdTICA NACIONAL ALDIR BLANC<\/span><\/a><\/p>\n","protected":false},"author":1,"featured_media":0,"parent":0,"menu_order":0,"comment_status":"closed","ping_status":"closed","template":"","meta":{"footnotes":""},"_links":{"self":[{"href":"https:\/\/arquivo.pedroleopoldo.mg.gov.br\/index.php?rest_route=\/wp\/v2\/pages\/25575"}],"collection":[{"href":"https:\/\/arquivo.pedroleopoldo.mg.gov.br\/index.php?rest_route=\/wp\/v2\/pages"}],"about":[{"href":"https:\/\/arquivo.pedroleopoldo.mg.gov.br\/index.php?rest_route=\/wp\/v2\/types\/page"}],"author":[{"embeddable":true,"href":"https:\/\/arquivo.pedroleopoldo.mg.gov.br\/index.php?rest_route=\/wp\/v2\/users\/1"}],"replies":[{"embeddable":true,"href":"https:\/\/arquivo.pedroleopoldo.mg.gov.br\/index.php?rest_route=%2Fwp%2Fv2%2Fcomments&post=25575"}],"version-history":[{"count":0,"href":"https:\/\/arquivo.pedroleopoldo.mg.gov.br\/index.php?rest_route=\/wp\/v2\/pages\/25575\/revisions"}],"wp:attachment":[{"href":"https:\/\/arquivo.pedroleopoldo.mg.gov.br\/index.php?rest_route=%2Fwp%2Fv2%2Fmedia&parent=25575"}],"curies":[{"name":"wp","href":"https:\/\/api.w.org\/{rel}","templated":true}]}}